{"id":9878,"date":"2022-09-26T09:38:04","date_gmt":"2022-09-26T07:38:04","guid":{"rendered":"https:\/\/www.onesta.es\/divisao-silvicultura\/"},"modified":"2024-06-12T09:14:35","modified_gmt":"2024-06-12T07:14:35","slug":"divisao-silvicultura","status":"publish","type":"page","link":"https:\/\/www.onesta.es\/pt-pt\/divisao-silvicultura\/","title":{"rendered":"Divis\u00e3o Silvicultura"},"content":{"rendered":"\t\t<div data-elementor-type=\"wp-page\" data-elementor-id=\"9878\" class=\"elementor elementor-9878 elementor-5038\" data-elementor-post-type=\"page\">\n\t\t\t\t\t\t<section class=\"elementor-section elementor-top-section elementor-element elementor-element-1198073 elementor-section-boxed elementor-section-height-default elementor-section-height-default\" data-id=\"1198073\" data-element_type=\"section\">\n\t\t\t\t\t\t<div class=\"elementor-container elementor-column-gap-default\">\n\t\t\t\t\t<div class=\"elementor-column elementor-col-100 elementor-top-column elementor-element elementor-element-ac3d70f\" data-id=\"ac3d70f\" data-element_type=\"column\">\n\t\t\t<div class=\"elementor-widget-wrap elementor-element-populated\">\n\t\t\t\t\t\t<div class=\"elementor-element elementor-element-4c0b9fe elementor-widget elementor-widget-slider_revolution\" data-id=\"4c0b9fe\" data-element_type=\"widget\" data-widget_type=\"slider_revolution.default\">\n\t\t\t\t<div class=\"elementor-widget-container\">\n\t\t\t\n\t\t<div class=\"wp-block-themepunch-revslider\">\n\t\t\t<!-- START Forestal REVOLUTION SLIDER 6.7.17 --><p class=\"rs-p-wp-fix\"><\/p>\n\t\t\t<rs-module-wrap id=\"rev_slider_4_1_wrapper\" data-source=\"gallery\" style=\"visibility:hidden;background:transparent;padding:0;margin:0px auto;margin-top:0;margin-bottom:0;\">\n\t\t\t\t<rs-module id=\"rev_slider_4_1\" style=\"\" data-version=\"6.7.17\">\n\t\t\t\t\t<rs-slides style=\"overflow: hidden; position: absolute;\">\n\t\t\t\t\t\t<rs-slide style=\"position: absolute;\" data-key=\"rs-143\" data-title=\"Slide\" data-duration=\"4000ms\" data-ssop=\"true\" data-anim=\"adpr:false;\" data-in=\"o:0;\" data-out=\"a:false;\">\n\t\t\t\t\t\t\t<img fetchpriority=\"high\" decoding=\"async\" src=\"\/\/www.onesta.es\/wp-content\/plugins\/revslider\/sr6\/assets\/assets\/dummy.png\"  alt=\"Divis\u00e3o Silvicultura - Onesta\"   title=\"Divis\u00e3o Silvicultura - Onesta\"  width=\"2560\" height=\"1351\" class=\"rev-slidebg tp-rs-img rs-lazyload\" data-lazyload=\"\/\/www.onesta.es\/wp-content\/uploads\/2022\/10\/slider_forestal.jpg\" data-bg=\"p:0% 80%;\" data-no-retina>\n<!--\n\t\t\t\t\t\t\t--><rs-layer\n\t\t\t\t\t\t\t\tid=\"slider-4-slide-143-layer-1\" \n\t\t\t\t\t\t\t\tdata-type=\"shape\"\n\t\t\t\t\t\t\t\tdata-rsp_ch=\"on\"\n\t\t\t\t\t\t\t\tdata-xy=\"x:c;y:m;\"\n\t\t\t\t\t\t\t\tdata-text=\"w:normal;\"\n\t\t\t\t\t\t\t\tdata-dim=\"w:3000px,3000px,3000px,749px;h:10000px,10000px,10000px,2499px;\"\n\t\t\t\t\t\t\t\tdata-frame_999=\"o:0;st:w;\"\n\t\t\t\t\t\t\t\tstyle=\"z-index:8;background-color:rgba(0,0,0,0.36);\"\n\t\t\t\t\t\t\t> \n\t\t\t\t\t\t\t<\/rs-layer><!--\n\n\t\t\t\t\t\t\t--><rs-layer\n\t\t\t\t\t\t\t\tid=\"slider-4-slide-143-layer-2\" \n\t\t\t\t\t\t\t\tdata-type=\"text\"\n\t\t\t\t\t\t\t\tdata-color=\"#fff\"\n\t\t\t\t\t\t\t\tdata-rsp_ch=\"on\"\n\t\t\t\t\t\t\t\tdata-xy=\"xo:262px,262px,262px,64px;yo:299px,299px,299px,94px;\"\n\t\t\t\t\t\t\t\tdata-text=\"w:normal,normal,normal,normal;s:70,70,70,30;l:90,90,90,35;\"\n\t\t\t\t\t\t\t\tdata-dim=\"w:auto,auto,auto,405px;minh:0px,0px,0px,none;\"\n\t\t\t\t\t\t\t\tdata-frame_999=\"o:0;st:w;\"\n\t\t\t\t\t\t\t\tstyle=\"z-index:9;font-family:'Montserrat';text-transform:uppercase;\"\n\t\t\t\t\t\t\t>MANEJO FLORESTAL SUSTENT\u00c1VEL \n\t\t\t\t\t\t\t<\/rs-layer><!--\n\n\t\t\t\t\t\t\t--><rs-layer\n\t\t\t\t\t\t\t\tid=\"slider-4-slide-143-layer-3\" \n\t\t\t\t\t\t\t\tdata-type=\"text\"\n\t\t\t\t\t\t\t\tdata-color=\"#fff\"\n\t\t\t\t\t\t\t\tdata-rsp_ch=\"on\"\n\t\t\t\t\t\t\t\tdata-xy=\"xo:262px,262px,262px,64px;yo:418px,418px,418px,173px;\"\n\t\t\t\t\t\t\t\tdata-text=\"w:normal,normal,normal,normal;s:18,18,18,14;ls:2,2,2,0;\"\n\t\t\t\t\t\t\t\tdata-dim=\"w:auto,auto,auto,354px;h:auto,auto,auto,59px;minh:0px,0px,0px,none;\"\n\t\t\t\t\t\t\t\tdata-frame_999=\"o:0;st:w;\"\n\t\t\t\t\t\t\t\tstyle=\"z-index:11;font-family:'Montserrat';\"\n\t\t\t\t\t\t\t>Cuidamos e garantimos a sa\u00fade da floresta fazendo um uso controlado e auditado dos seus recursos. \n\t\t\t\t\t\t\t<\/rs-layer><!--\n\n\t\t\t\t\t\t\t--><a\n\t\t\t\t\t\t\t\tid=\"slider-4-slide-143-layer-5\" \n\t\t\t\t\t\t\t\tclass=\"rs-layer\"\n\t\t\t\t\t\t\t\thref=\"https:\/\/www.onesta.es\/pt-pt\/\" target=\"_self\"\n\t\t\t\t\t\t\t\tdata-type=\"text\"\n\t\t\t\t\t\t\t\tdata-color=\"#fff\"\n\t\t\t\t\t\t\t\tdata-rsp_ch=\"on\"\n\t\t\t\t\t\t\t\tdata-xy=\"xo:262px,262px,262px,64px;yo:67px,67px,67px,33px;\"\n\t\t\t\t\t\t\t\tdata-text=\"w:normal,normal,normal,normal;s:13,13,13,12;fw:700;\"\n\t\t\t\t\t\t\t\tdata-dim=\"w:auto,auto,auto,354px;minh:0px,0px,0px,none;\"\n\t\t\t\t\t\t\t\tdata-frame_999=\"o:0;st:w;\"\n\t\t\t\t\t\t\t\tstyle=\"z-index:10;font-family:'Montserrat';cursor:pointer;\"\n\t\t\t\t\t\t\t>| HOME \/ DIVIS\u00c3O FLORESTAL \n\t\t\t\t\t\t\t<\/a><!--\n\n\t\t\t\t\t\t\t--><a\n\t\t\t\t\t\t\t\tid=\"slider-4-slide-143-layer-13\" \n\t\t\t\t\t\t\t\tclass=\"rs-layer rs-svg\"\n\t\t\t\t\t\t\t\thref=\"#catedra-de-la-madera\" target=\"_self\"\n\t\t\t\t\t\t\t\tdata-type=\"svg\"\n\t\t\t\t\t\t\t\tdata-rsp_ch=\"on\"\n\t\t\t\t\t\t\t\tdata-xy=\"xo:817px,817px,817px,117px;yo:1290px,1290px,1290px,1053px;\"\n\t\t\t\t\t\t\t\tdata-text=\"w:normal;\"\n\t\t\t\t\t\t\t\tdata-dim=\"w:100px,100px,100px,82px;h:100px,100px,100px,64px;\"\n\t\t\t\t\t\t\t\tdata-svg_src=\"\/\/www.onesta.es\/wp-content\/uploads\/revslider\/svg\/objects\/svgcustom\/interface_flecha01_1.svg\"\n\t\t\t\t\t\t\t\tdata-svgi=\"sall:1;\"\n\t\t\t\t\t\t\t\tdata-frame_999=\"o:0;st:w;\"\n\t\t\t\t\t\t\t\tstyle=\"z-index:12;font-family:'Roboto';cursor:pointer;\"\n\t\t\t\t\t\t\t> \n\t\t\t\t\t\t\t<\/a><!--\n-->\t\t\t\t\t<\/rs-slide>\n\t\t\t\t\t<\/rs-slides>\n\t\t\t\t\t<rs-static-layers><!--\n\n\t\t\t\t\t\t\t--><rs-layer\n\t\t\t\t\t\t\t\tid=\"slider-4-slide-4-layer-7\" \n\t\t\t\t\t\t\t\tclass=\"rs-layer-static\"\n\t\t\t\t\t\t\t\tdata-type=\"shape\"\n\t\t\t\t\t\t\t\tdata-rsp_ch=\"on\"\n\t\t\t\t\t\t\t\tdata-xy=\"x:c;yo:722px,722px,722px,370px;\"\n\t\t\t\t\t\t\t\tdata-text=\"w:normal;\"\n\t\t\t\t\t\t\t\tdata-dim=\"w:1400px,1400px,1400px,349px;h:1px;\"\n\t\t\t\t\t\t\t\tdata-onslides=\"s:1;\"\n\t\t\t\t\t\t\t\tdata-frame_999=\"o:0;st:w;\"\n\t\t\t\t\t\t\t\tstyle=\"z-index:8;background-color:#efefef;\"\n\t\t\t\t\t\t\t> \n\t\t\t\t\t\t\t<\/rs-layer><!--\n\t\t\t\t\t--><\/rs-static-layers>\n\t\t\t\t<\/rs-module>\n\t\t\t\t<script>\n\t\t\t\t\tsetREVStartSize({c: 'rev_slider_4_1',rl:[1240,1240,1240,480],el:[900,900,900,480],gw:[1920,1920,1920,480],gh:[900,900,900,480],type:'standard',justify:'',layout:'fullwidth',mh:\"0\"});if (window.RS_MODULES!==undefined && window.RS_MODULES.modules!==undefined && window.RS_MODULES.modules[\"revslider41\"]!==undefined) {window.RS_MODULES.modules[\"revslider41\"].once = false;window.revapi4 = undefined;if (window.RS_MODULES.checkMinimal!==undefined) window.RS_MODULES.checkMinimal()}\n\t\t\t\t<\/script>\n\t\t\t<\/rs-module-wrap>\n\t\t\t<!-- END REVOLUTION SLIDER -->\n<\/div>\n\n\t\t\t\t<\/div>\n\t\t\t\t<\/div>\n\t\t\t\t\t<\/div>\n\t\t<\/div>\n\t\t\t\t\t<\/div>\n\t\t<\/section>\n\t\t\t\t<section class=\"elementor-section elementor-top-section elementor-element elementor-element-3f69f8e elementor-section-boxed elementor-section-height-default elementor-section-height-default\" data-id=\"3f69f8e\" data-element_type=\"section\">\n\t\t\t\t\t\t<div class=\"elementor-container elementor-column-gap-default\">\n\t\t\t\t\t<div class=\"elementor-column elementor-col-100 elementor-top-column elementor-element elementor-element-961a415\" data-id=\"961a415\" data-element_type=\"column\">\n\t\t\t<div class=\"elementor-widget-wrap elementor-element-populated\">\n\t\t\t\t\t\t<div class=\"elementor-element elementor-element-a387881 elementor-widget elementor-widget-heading\" data-id=\"a387881\" data-element_type=\"widget\" data-widget_type=\"heading.default\">\n\t\t\t\t<div class=\"elementor-widget-container\">\n\t\t\t<h1 class=\"elementor-heading-title elementor-size-default\">Silvicultura<\/h1>\t\t<\/div>\n\t\t\t\t<\/div>\n\t\t\t\t\t<\/div>\n\t\t<\/div>\n\t\t\t\t\t<\/div>\n\t\t<\/section>\n\t\t\t\t<section class=\"elementor-section elementor-top-section elementor-element elementor-element-3d82e54 elementor-section-boxed elementor-section-height-default elementor-section-height-default\" data-id=\"3d82e54\" data-element_type=\"section\">\n\t\t\t\t\t\t<div class=\"elementor-container elementor-column-gap-default\">\n\t\t\t\t\t<div class=\"elementor-column elementor-col-50 elementor-top-column elementor-element elementor-element-abc1f95 elementor-invisible\" data-id=\"abc1f95\" data-element_type=\"column\" data-settings=\"{&quot;animation&quot;:&quot;fadeInLeft&quot;}\">\n\t\t\t<div class=\"elementor-widget-wrap elementor-element-populated\">\n\t\t\t\t\t\t<div class=\"elementor-element elementor-element-d406508 elementor-widget elementor-widget-image\" data-id=\"d406508\" data-element_type=\"widget\" data-widget_type=\"image.default\">\n\t\t\t\t<div class=\"elementor-widget-container\">\n\t\t\t\t\t\t\t\t\t\t\t\t\t<img  title=\"Divis\u00e3o Silvicultura - Onesta\" decoding=\"async\" width=\"694\" height=\"697\" src=\"https:\/\/www.onesta.es\/wp-content\/uploads\/2022\/09\/forestal_01.jpg\" class=\"attachment-full size-full wp-image-9358\"  alt=\"Divis\u00e3o Silvicultura - Onesta\"  srcset=\"https:\/\/www.onesta.es\/wp-content\/uploads\/2022\/09\/forestal_01.jpg 694w, https:\/\/www.onesta.es\/wp-content\/uploads\/2022\/09\/forestal_01-300x300.jpg 300w, https:\/\/www.onesta.es\/wp-content\/uploads\/2022\/09\/forestal_01-100x100.jpg 100w, https:\/\/www.onesta.es\/wp-content\/uploads\/2022\/09\/forestal_01-600x603.jpg 600w, https:\/\/www.onesta.es\/wp-content\/uploads\/2022\/09\/forestal_01-150x150.jpg 150w\" sizes=\"(max-width: 694px) 100vw, 694px\" \/>\t\t\t\t\t\t\t\t\t\t\t\t\t<\/div>\n\t\t\t\t<\/div>\n\t\t\t\t\t<\/div>\n\t\t<\/div>\n\t\t\t\t<div class=\"elementor-column elementor-col-50 elementor-top-column elementor-element elementor-element-05446af elementor-invisible\" data-id=\"05446af\" data-element_type=\"column\" data-settings=\"{&quot;animation&quot;:&quot;fadeInRight&quot;}\">\n\t\t\t<div class=\"elementor-widget-wrap elementor-element-populated\">\n\t\t\t\t\t\t<div class=\"elementor-element elementor-element-9fced09 elementor-widget elementor-widget-heading\" data-id=\"9fced09\" data-element_type=\"widget\" data-widget_type=\"heading.default\">\n\t\t\t\t<div class=\"elementor-widget-container\">\n\t\t\t<h2 class=\"elementor-heading-title elementor-size-default\">GARANTIMOS A ORIGEM SUSTENT\u00c1VEL DA<\/h2>\t\t<\/div>\n\t\t\t\t<\/div>\n\t\t\t\t<div class=\"elementor-element elementor-element-1a87910 elementor-widget elementor-widget-text-editor\" data-id=\"1a87910\" data-element_type=\"widget\" data-widget_type=\"text-editor.default\">\n\t\t\t\t<div class=\"elementor-widget-container\">\n\t\t\t\t\t\t\t<p class=\"p1\"><span class=\"s1\">A gest\u00e3o sustent\u00e1vel dos recursos \u00e9 essencial para neutralizar o impacto das altera\u00e7\u00f5es clim\u00e1ticas, nomeadamente nos meios naturais e nas florestas, cujo estado de sa\u00fade \u00e9 preocupante tendo em conta o avan\u00e7o da desfloresta\u00e7\u00e3o.<\/span><\/p>\n<p class=\"p1\"><span class=\"s1\">\u00c9 raro que um distribuidor como a Onesta entre na atividade de primeira transforma\u00e7\u00e3o. A estrat\u00e9gia da Onesta consiste em participar em toda a cadeia de valor do sector florestal, desde a \u00e1rvore at\u00e9 ao produto transformado. S\u00f3 assim \u00e9 poss\u00edvel assegurar a utiliza\u00e7\u00e3o de madeira proveniente de florestas geridas de forma sustent\u00e1vel para garantir a qualidade e a origem da madeira aos nossos clientes.<\/span><\/p>\n\t\t\t\t\t\t<\/div>\n\t\t\t\t<\/div>\n\t\t\t\t<div class=\"elementor-element elementor-element-441e6f3 elementor-invisible elementor-widget elementor-widget-heading\" data-id=\"441e6f3\" data-element_type=\"widget\" data-settings=\"{&quot;_animation&quot;:&quot;slideInRight&quot;,&quot;_animation_delay&quot;:200}\" data-widget_type=\"heading.default\">\n\t\t\t\t<div class=\"elementor-widget-container\">\n\t\t\t<h5 class=\"elementor-heading-title elementor-size-default\">PROCURAMOS MAXIMIZAR O VALOR DAS FLORESTAS ATRAV\u00c9S DE UMA GEST\u00c3O FLORESTAL A LONGO PRAZO QUE CONTRIBUA PARA O AMBIENTE E O BEM-ESTAR SOCIAL DO MEIO RURAL.<\/h5>\t\t<\/div>\n\t\t\t\t<\/div>\n\t\t\t\t\t<\/div>\n\t\t<\/div>\n\t\t\t\t\t<\/div>\n\t\t<\/section>\n\t\t\t\t<section class=\"elementor-section elementor-top-section elementor-element elementor-element-092d1bb elementor-section-boxed elementor-section-height-default elementor-section-height-default\" data-id=\"092d1bb\" data-element_type=\"section\">\n\t\t\t\t\t\t<div class=\"elementor-container elementor-column-gap-no\">\n\t\t\t\t\t<div class=\"elementor-column elementor-col-50 elementor-top-column elementor-element elementor-element-87d592b\" data-id=\"87d592b\" data-element_type=\"column\">\n\t\t\t<div class=\"elementor-widget-wrap elementor-element-populated\">\n\t\t\t\t\t\t<div class=\"elementor-element elementor-element-6b00ae6 elementor-widget elementor-widget-image\" data-id=\"6b00ae6\" data-element_type=\"widget\" data-widget_type=\"image.default\">\n\t\t\t\t<div class=\"elementor-widget-container\">\n\t\t\t\t\t\t\t\t\t\t\t\t\t<img  title=\"Divis\u00e3o Silvicultura - Onesta\" decoding=\"async\" width=\"694\" height=\"697\" src=\"https:\/\/www.onesta.es\/wp-content\/uploads\/2022\/10\/forestal_07-ok.jpg\" class=\"attachment-full size-full wp-image-9385\"  alt=\"Divis\u00e3o Silvicultura - Onesta\"  srcset=\"https:\/\/www.onesta.es\/wp-content\/uploads\/2022\/10\/forestal_07-ok.jpg 694w, https:\/\/www.onesta.es\/wp-content\/uploads\/2022\/10\/forestal_07-ok-300x300.jpg 300w, https:\/\/www.onesta.es\/wp-content\/uploads\/2022\/10\/forestal_07-ok-100x100.jpg 100w, https:\/\/www.onesta.es\/wp-content\/uploads\/2022\/10\/forestal_07-ok-600x603.jpg 600w, https:\/\/www.onesta.es\/wp-content\/uploads\/2022\/10\/forestal_07-ok-150x150.jpg 150w\" sizes=\"(max-width: 694px) 100vw, 694px\" \/>\t\t\t\t\t\t\t\t\t\t\t\t\t<\/div>\n\t\t\t\t<\/div>\n\t\t\t\t\t<\/div>\n\t\t<\/div>\n\t\t\t\t<div class=\"elementor-column elementor-col-50 elementor-top-column elementor-element elementor-element-7685b64\" data-id=\"7685b64\" data-element_type=\"column\">\n\t\t\t<div class=\"elementor-widget-wrap elementor-element-populated\">\n\t\t\t\t\t\t<div class=\"elementor-element elementor-element-683bdd8 elementor-headline--style-rotate elementor-widget elementor-widget-animated-headline\" data-id=\"683bdd8\" data-element_type=\"widget\" data-settings=\"{&quot;headline_style&quot;:&quot;rotate&quot;,&quot;animation_type&quot;:&quot;clip&quot;,&quot;rotating_text&quot;:&quot;madeira\\ncon\\u00edferas\\npinheiro\\ncipr\\u00e9s&quot;,&quot;rotate_iteration_delay&quot;:3000,&quot;loop&quot;:&quot;yes&quot;}\" data-widget_type=\"animated-headline.default\">\n\t\t\t\t<div class=\"elementor-widget-container\">\n\t\t\t\t\t<h1 class=\"elementor-headline elementor-headline-animation-type-clip\">\n\t\t\t\t\t<span class=\"elementor-headline-plain-text elementor-headline-text-wrapper\">TRABALHAMOS COM ESP\u00c9CIES DE MADEIRA DE<\/span>\n\t\t\t\t<span class=\"elementor-headline-dynamic-wrapper elementor-headline-text-wrapper\">\n\t\t\t\t\t<span class=\"elementor-headline-dynamic-text elementor-headline-text-active\">\n\t\t\t\tmadeira\t\t\t<\/span>\n\t\t\t\t\t<span class=\"elementor-headline-dynamic-text\">\n\t\t\t\tcon\u00edferas\t\t\t<\/span>\n\t\t\t\t\t<span class=\"elementor-headline-dynamic-text\">\n\t\t\t\tpinheiro\t\t\t<\/span>\n\t\t\t\t\t<span class=\"elementor-headline-dynamic-text\">\n\t\t\t\tcipr\u00e9s\t\t\t<\/span>\n\t\t\t\t\t\t<\/span>\n\t\t\t\t<\/h1>\n\t\t\t\t<\/div>\n\t\t\t\t<\/div>\n\t\t\t\t<div class=\"elementor-element elementor-element-e4b0e77 elementor-widget elementor-widget-text-editor\" data-id=\"e4b0e77\" data-element_type=\"widget\" data-widget_type=\"text-editor.default\">\n\t\t\t\t<div class=\"elementor-widget-container\">\n\t\t\t\t\t\t\t<p class=\"p1\"><span class=\"s1\"><b>Para embalagem industrial e constru\u00e7\u00e3o:<\/b><\/span><\/p>\n<ul class=\"ul1\">\n<li class=\"li3\"><span class=\"s1\">Abeto de Douglas.<\/span><\/li>\n<li class=\"li3\"><span class=\"s1\">Abeto branco.<\/span><\/li>\n<li class=\"li3\"><span class=\"s1\">Lari\u00e7o.<\/span><\/li>\n<li class=\"li3\"><span class=\"s1\">Cipreste de Lawson.<\/span><\/li>\n<li class=\"li3\"><span class=\"s1\">Pinheiro silvestre.<\/span><\/li>\n<li class=\"li3\"><span class=\"s1\">Pinheiro Laricio.<\/span><\/li>\n<\/ul>\n<p class=\"p1\"><span class=\"s1\"><b>Para carpintaria:<br \/><\/b><\/span><\/p>\n<p class=\"p1\"><span class=\"s1\">Madeira seca de pinheiro radiata.<\/span><\/p>\n\t\t\t\t\t\t<\/div>\n\t\t\t\t<\/div>\n\t\t\t\t\t<\/div>\n\t\t<\/div>\n\t\t\t\t\t<\/div>\n\t\t<\/section>\n\t\t\t\t<section class=\"elementor-section elementor-top-section elementor-element elementor-element-26e8cd8 elementor-section-boxed elementor-section-height-default elementor-section-height-default\" data-id=\"26e8cd8\" data-element_type=\"section\">\n\t\t\t\t\t\t<div class=\"elementor-container elementor-column-gap-default\">\n\t\t\t\t\t<div class=\"elementor-column elementor-col-50 elementor-top-column elementor-element elementor-element-2173219\" data-id=\"2173219\" data-element_type=\"column\">\n\t\t\t<div class=\"elementor-widget-wrap elementor-element-populated\">\n\t\t\t\t\t\t<div class=\"elementor-element elementor-element-138eca6 elementor-widget elementor-widget-heading\" data-id=\"138eca6\" data-element_type=\"widget\" data-widget_type=\"heading.default\">\n\t\t\t\t<div class=\"elementor-widget-container\">\n\t\t\t<h1 class=\"elementor-heading-title elementor-size-default\">CULTIVAMOS UM MODELO DE PRODU\u00c7\u00c3O CIRCULAR<\/h1>\t\t<\/div>\n\t\t\t\t<\/div>\n\t\t\t\t<div class=\"elementor-element elementor-element-e18e8d3 elementor-widget elementor-widget-heading\" data-id=\"e18e8d3\" data-element_type=\"widget\" data-widget_type=\"heading.default\">\n\t\t\t\t<div class=\"elementor-widget-container\">\n\t\t\t<p class=\"elementor-heading-title elementor-size-default\">A PARTIR DA NOSSA SERRA\u00c7\u00c3O, DAMOS UMA UTILIZA\u00c7\u00c3O DIVERSIFICADA A TODOS OS SUBPRODUTOS QUE GERAMOS:<\/p>\t\t<\/div>\n\t\t\t\t<\/div>\n\t\t\t\t\t<\/div>\n\t\t<\/div>\n\t\t\t\t<div class=\"elementor-column elementor-col-50 elementor-top-column elementor-element elementor-element-6ae2b3b\" data-id=\"6ae2b3b\" data-element_type=\"column\">\n\t\t\t<div class=\"elementor-widget-wrap\">\n\t\t\t\t\t\t\t<\/div>\n\t\t<\/div>\n\t\t\t\t\t<\/div>\n\t\t<\/section>\n\t\t\t\t<section class=\"elementor-section elementor-top-section elementor-element elementor-element-468dfb1 elementor-section-boxed elementor-section-height-default elementor-section-height-default\" data-id=\"468dfb1\" data-element_type=\"section\">\n\t\t\t\t\t\t<div class=\"elementor-container elementor-column-gap-default\">\n\t\t\t\t\t<div class=\"elementor-column elementor-col-33 elementor-top-column elementor-element elementor-element-d6d9c76\" data-id=\"d6d9c76\" data-element_type=\"column\">\n\t\t\t<div class=\"elementor-widget-wrap elementor-element-populated\">\n\t\t\t\t\t\t<div class=\"elementor-element elementor-element-868e0e9 elementor-position-left elementor-view-default elementor-mobile-position-top elementor-vertical-align-top elementor-widget elementor-widget-icon-box\" data-id=\"868e0e9\" data-element_type=\"widget\" data-widget_type=\"icon-box.default\">\n\t\t\t\t<div class=\"elementor-widget-container\">\n\t\t\t\t\t<div class=\"elementor-icon-box-wrapper\">\n\n\t\t\t\t\t\t<div class=\"elementor-icon-box-icon\">\n\t\t\t\t<span  class=\"elementor-icon elementor-animation-\">\n\t\t\t\t<i aria-hidden=\"true\" class=\"fas fa-angle-right\"><\/i>\t\t\t\t<\/span>\n\t\t\t<\/div>\n\t\t\t\n\t\t\t\t\t\t<div class=\"elementor-icon-box-content\">\n\n\t\t\t\t\t\t\t\t\t<h3 class=\"elementor-icon-box-title\">\n\t\t\t\t\t\t<span  >\n\t\t\t\t\t\t\tSERRAGEM\t\t\t\t\t\t<\/span>\n\t\t\t\t\t<\/h3>\n\t\t\t\t\n\t\t\t\t\t\t\t\t\t<p class=\"elementor-icon-box-description\">\n\t\t\t\t\t\t<p class=\"p1\"><span class=\"s1\">Comercializamos a serradura para a produ\u00e7\u00e3o de:<\/span><\/p>\n\n<ul>\n \t<li class=\"p1\"><span class=\"s1\">Aglomerado de madeira.<\/span><\/li>\n \t<li class=\"p1\"><span class=\"s1\">Pellets (combust\u00edvel vegetal para lareiras).<\/span><\/li>\n<\/ul>\t\t\t\t\t<\/p>\n\t\t\t\t\n\t\t\t<\/div>\n\t\t\t\n\t\t<\/div>\n\t\t\t\t<\/div>\n\t\t\t\t<\/div>\n\t\t\t\t\t<\/div>\n\t\t<\/div>\n\t\t\t\t<div class=\"elementor-column elementor-col-33 elementor-top-column elementor-element elementor-element-5986a1f\" data-id=\"5986a1f\" data-element_type=\"column\">\n\t\t\t<div class=\"elementor-widget-wrap elementor-element-populated\">\n\t\t\t\t\t\t<div class=\"elementor-element elementor-element-5ee7628 elementor-position-left elementor-view-default elementor-mobile-position-top elementor-vertical-align-top elementor-widget elementor-widget-icon-box\" data-id=\"5ee7628\" data-element_type=\"widget\" data-widget_type=\"icon-box.default\">\n\t\t\t\t<div class=\"elementor-widget-container\">\n\t\t\t\t\t<div class=\"elementor-icon-box-wrapper\">\n\n\t\t\t\t\t\t<div class=\"elementor-icon-box-icon\">\n\t\t\t\t<span  class=\"elementor-icon elementor-animation-\">\n\t\t\t\t<i aria-hidden=\"true\" class=\"fas fa-angle-right\"><\/i>\t\t\t\t<\/span>\n\t\t\t<\/div>\n\t\t\t\n\t\t\t\t\t\t<div class=\"elementor-icon-box-content\">\n\n\t\t\t\t\t\t\t\t\t<h3 class=\"elementor-icon-box-title\">\n\t\t\t\t\t\t<span  >\n\t\t\t\t\t\t\tCAIXA\t\t\t\t\t\t<\/span>\n\t\t\t\t\t<\/h3>\n\t\t\t\t\n\t\t\t\t\t\t\t\t\t<p class=\"elementor-icon-box-description\">\n\t\t\t\t\t\t<p class=\"p3\"><span class=\"s1\">Comercializamos aparas de madeira para a produ\u00e7\u00e3o de:<\/span><\/p>\n\n<ul>\n \t<li class=\"p1\"><span class=\"s1\">Celulose.<\/span><\/li>\n \t<li class=\"p1\"><span class=\"s1\">Pain\u00e9is de fibras.<\/span><\/li>\n \t<li class=\"p1\"><span class=\"s1\">Pellets (combust\u00edvel vegetal para lareiras).<\/span><\/li>\n<\/ul>\t\t\t\t\t<\/p>\n\t\t\t\t\n\t\t\t<\/div>\n\t\t\t\n\t\t<\/div>\n\t\t\t\t<\/div>\n\t\t\t\t<\/div>\n\t\t\t\t\t<\/div>\n\t\t<\/div>\n\t\t\t\t<div class=\"elementor-column elementor-col-33 elementor-top-column elementor-element elementor-element-d79c28f\" data-id=\"d79c28f\" data-element_type=\"column\">\n\t\t\t<div class=\"elementor-widget-wrap elementor-element-populated\">\n\t\t\t\t\t\t<div class=\"elementor-element elementor-element-b558915 elementor-position-left elementor-view-default elementor-mobile-position-top elementor-vertical-align-top elementor-widget elementor-widget-icon-box\" data-id=\"b558915\" data-element_type=\"widget\" data-widget_type=\"icon-box.default\">\n\t\t\t\t<div class=\"elementor-widget-container\">\n\t\t\t\t\t<div class=\"elementor-icon-box-wrapper\">\n\n\t\t\t\t\t\t<div class=\"elementor-icon-box-icon\">\n\t\t\t\t<span  class=\"elementor-icon elementor-animation-\">\n\t\t\t\t<i aria-hidden=\"true\" class=\"fas fa-angle-right\"><\/i>\t\t\t\t<\/span>\n\t\t\t<\/div>\n\t\t\t\n\t\t\t\t\t\t<div class=\"elementor-icon-box-content\">\n\n\t\t\t\t\t\t\t\t\t<h3 class=\"elementor-icon-box-title\">\n\t\t\t\t\t\t<span  >\n\t\t\t\t\t\t\tCASCA\t\t\t\t\t\t<\/span>\n\t\t\t\t\t<\/h3>\n\t\t\t\t\n\t\t\t\t\t\t\t\t\t<p class=\"elementor-icon-box-description\">\n\t\t\t\t\t\t<p class=\"p3\"><span class=\"s1\">Utilizamos a casca internamente para a produ\u00e7\u00e3o de energia t\u00e9rmica (numa caldeira de biomassa), necess\u00e1ria para a <span class=\"Apple-converted-space\"> <\/span><\/span><span class=\"s1\">secagem da madeira.<\/span><\/p>\t\t\t\t\t<\/p>\n\t\t\t\t\n\t\t\t<\/div>\n\t\t\t\n\t\t<\/div>\n\t\t\t\t<\/div>\n\t\t\t\t<\/div>\n\t\t\t\t\t<\/div>\n\t\t<\/div>\n\t\t\t\t\t<\/div>\n\t\t<\/section>\n\t\t\t\t<section data-dce-background-color=\"#F5F5F5\" class=\"elementor-section elementor-top-section elementor-element elementor-element-e10872d elementor-section-boxed elementor-section-height-default elementor-section-height-default\" data-id=\"e10872d\" data-element_type=\"section\" data-settings=\"{&quot;background_background&quot;:&quot;classic&quot;}\">\n\t\t\t\t\t\t<div class=\"elementor-container elementor-column-gap-default\">\n\t\t\t\t\t<div class=\"elementor-column elementor-col-50 elementor-top-column elementor-element elementor-element-6dfa800\" data-id=\"6dfa800\" data-element_type=\"column\">\n\t\t\t<div class=\"elementor-widget-wrap elementor-element-populated\">\n\t\t\t\t\t\t<div class=\"elementor-element elementor-element-a79a35c elementor-widget elementor-widget-heading\" data-id=\"a79a35c\" data-element_type=\"widget\" data-widget_type=\"heading.default\">\n\t\t\t\t<div class=\"elementor-widget-container\">\n\t\t\t<p class=\"elementor-heading-title elementor-size-default\">| UNIVERSIDADE DE C\u00d3RDOBA<\/p>\t\t<\/div>\n\t\t\t\t<\/div>\n\t\t\t\t<div class=\"elementor-element elementor-element-9682d2e elementor-widget elementor-widget-heading\" data-id=\"9682d2e\" data-element_type=\"widget\" data-widget_type=\"heading.default\">\n\t\t\t\t<div class=\"elementor-widget-container\">\n\t\t\t<h2 class=\"elementor-heading-title elementor-size-default\">CADEIRA ONESTA DE BIOPRODUTOS PARA CONSTRU\u00c7\u00c3O<\/h2>\t\t<\/div>\n\t\t\t\t<\/div>\n\t\t\t\t<div class=\"elementor-element elementor-element-cbbc6ac elementor-widget elementor-widget-text-editor\" data-id=\"cbbc6ac\" data-element_type=\"widget\" data-widget_type=\"text-editor.default\">\n\t\t\t\t<div class=\"elementor-widget-container\">\n\t\t\t\t\t\t\t<p>Patrocinamos e promovemos a <b>Cadeira Onesta<\/b> <b>de Bioprodutos para Constru\u00e7\u00e3o<\/b> da Universidade de C\u00f3rdoba, a primeira Cadeira de Espanha especializada neste campo, abrangendo toda a cadeia de valor, desde a investiga\u00e7\u00e3o gen\u00e9tica das esp\u00e9cies, passando pela melhoria dos aproveitamentos florestais, at\u00e9 ao desenvolvimento industrial de um produto que se integre numa solu\u00e7\u00e3o construtiva.<\/p>\n<p>Com o objetivo firme de fomentar o uso de madeira ou qualquer outro produto de origem org\u00e2nica e incidir diretamente na descarboniza\u00e7\u00e3o do setor da constru\u00e7\u00e3o, a Cadeira nasce com a ambi\u00e7\u00e3o de ser um foco de atra\u00e7\u00e3o que promova a gera\u00e7\u00e3o de sinergias e promova um esp\u00edrito de colabora\u00e7\u00e3o com todos aqueles centros de investiga\u00e7\u00e3o e universidades, nacionais e internacionais, cujo objeto de estudo esteja relacionado com este campo.<\/p>\n<p>A atividade da Cadeira centra-se na investiga\u00e7\u00e3o, transfer\u00eancia de conhecimento, forma\u00e7\u00e3o e divulga\u00e7\u00e3o, das mat\u00e9rias relacionadas com:<\/p>\n<ul>\n<li>Recursos agroflorestais e a sua gest\u00e3o integral.<\/li>\n<li>Quantifica\u00e7\u00e3o dos seus servi\u00e7os ecossist\u00e9micos, especialmente no armazenamento de carbono e no aprovisionamento de madeira.<\/li>\n<li>A ind\u00fastria de bioprodutos dirigida a uma constru\u00e7\u00e3o com baixa pegada de carbono.<\/li>\n<\/ul>\n<p>A Cadeira ser\u00e1 dirigida pela professora da \u00c1rea de Engenharia Agroflorestal da Escola T\u00e9cnica Superior de Engenharia Agron\u00f3mica e de Montes, <strong>Marta Conde Garc\u00eda<\/strong>.<\/p>\n\t\t\t\t\t\t<\/div>\n\t\t\t\t<\/div>\n\t\t\t\t\t<\/div>\n\t\t<\/div>\n\t\t\t\t<div class=\"elementor-column elementor-col-50 elementor-top-column elementor-element elementor-element-c9f945f\" data-id=\"c9f945f\" data-element_type=\"column\">\n\t\t\t<div class=\"elementor-widget-wrap elementor-element-populated\">\n\t\t\t\t\t\t<div class=\"elementor-element elementor-element-1b22d4c elementor-widget elementor-widget-text-editor\" data-id=\"1b22d4c\" data-element_type=\"widget\" data-widget_type=\"text-editor.default\">\n\t\t\t\t<div class=\"elementor-widget-container\">\n\t\t\t\t\t\t\t<p>A Comiss\u00e3o Mista, encarregada de supervisionar as atividades da Cadeira, \u00e9 composta por:<\/p>\n<ul>\n<li> <strong> Manuel Torralbo Rodr\u00edguez<\/strong>, Sr. Reitor Magn\u00edfico da Universidade de C\u00f3rdoba ou, na sua aus\u00eancia, <strong>D\u00aa Lourdes Arce Jim\u00e9nez<\/strong>, Vice-reitora de Inova\u00e7\u00e3o e Transfer\u00eancia da Universidade de C\u00f3rdoba.<\/li>\n<li><strong>D\u00aa. Rosa Mar\u00eda Gallardo Cobos<\/strong>, Diretora da Escola T\u00e9cnica Superior de Engenharia Agron\u00f3mica e de Montes.<\/li>\n<li> <strong> Carlos Navarro Garc\u00eda-Guti\u00e9rrez<\/strong>, Diretor de opera\u00e7\u00f5es da ONESTA.<\/li>\n<li><strong>D\u00aa. Marta S\u00e1nchez Fern\u00e1ndez<\/strong>, Diretora da Divis\u00e3o de Projetos da ONESTA.<\/li>\n<\/ul>\n\t\t\t\t\t\t<\/div>\n\t\t\t\t<\/div>\n\t\t\t\t<div class=\"elementor-element elementor-element-24ff25e elementor-widget elementor-widget-heading\" data-id=\"24ff25e\" data-element_type=\"widget\" data-widget_type=\"heading.default\">\n\t\t\t\t<div class=\"elementor-widget-container\">\n\t\t\t<p class=\"elementor-heading-title elementor-size-default\"><a href=\"https:\/\/www.uco.es\/catedrasyaulas\/onesta\/\" target=\"_blank\">MAIS INFO &gt;<\/a><\/p>\t\t<\/div>\n\t\t\t\t<\/div>\n\t\t\t\t<div class=\"elementor-element elementor-element-a252d11 elementor-widget elementor-widget-image\" data-id=\"a252d11\" data-element_type=\"widget\" data-widget_type=\"image.default\">\n\t\t\t\t<div class=\"elementor-widget-container\">\n\t\t\t\t\t\t\t\t\t\t\t\t\t<img  title=\"Divis\u00e3o Silvicultura - Onesta\" loading=\"lazy\" decoding=\"async\" width=\"694\" height=\"697\" src=\"https:\/\/www.onesta.es\/wp-content\/uploads\/2023\/07\/cartedra-UCO-ONESTA.jpg\" class=\"attachment-full size-full wp-image-9798\"  alt=\"Divis\u00e3o Silvicultura - Onesta\"  srcset=\"https:\/\/www.onesta.es\/wp-content\/uploads\/2023\/07\/cartedra-UCO-ONESTA.jpg 694w, https:\/\/www.onesta.es\/wp-content\/uploads\/2023\/07\/cartedra-UCO-ONESTA-300x300.jpg 300w, https:\/\/www.onesta.es\/wp-content\/uploads\/2023\/07\/cartedra-UCO-ONESTA-100x100.jpg 100w, https:\/\/www.onesta.es\/wp-content\/uploads\/2023\/07\/cartedra-UCO-ONESTA-600x603.jpg 600w, https:\/\/www.onesta.es\/wp-content\/uploads\/2023\/07\/cartedra-UCO-ONESTA-150x150.jpg 150w\" sizes=\"(max-width: 694px) 100vw, 694px\" \/>\t\t\t\t\t\t\t\t\t\t\t\t\t<\/div>\n\t\t\t\t<\/div>\n\t\t\t\t\t<\/div>\n\t\t<\/div>\n\t\t\t\t\t<\/div>\n\t\t<\/section>\n\t\t\t\t<section class=\"elementor-section elementor-top-section elementor-element elementor-element-2a99cad elementor-section-boxed elementor-section-height-default elementor-section-height-default\" data-id=\"2a99cad\" data-element_type=\"section\">\n\t\t\t\t\t\t<div class=\"elementor-container elementor-column-gap-custom\">\n\t\t\t\t\t<div class=\"elementor-column elementor-col-33 elementor-top-column elementor-element elementor-element-e6e9e07\" data-id=\"e6e9e07\" data-element_type=\"column\">\n\t\t\t<div class=\"elementor-widget-wrap elementor-element-populated\">\n\t\t\t\t\t\t<div class=\"elementor-element elementor-element-e2bef8d elementor-invisible elementor-widget elementor-widget-heading\" data-id=\"e2bef8d\" data-element_type=\"widget\" data-settings=\"{&quot;_animation&quot;:&quot;slideInLeft&quot;}\" data-widget_type=\"heading.default\">\n\t\t\t\t<div class=\"elementor-widget-container\">\n\t\t\t<p class=\"elementor-heading-title elementor-size-default\">A FLORESTA SUSTENT\u00c1VEL, UM CONSUMIDOR DE CO2<\/p>\t\t<\/div>\n\t\t\t\t<\/div>\n\t\t\t\t<div class=\"elementor-element elementor-element-f9c81ba elementor-invisible elementor-widget elementor-widget-heading\" data-id=\"f9c81ba\" data-element_type=\"widget\" data-settings=\"{&quot;_animation&quot;:&quot;slideInLeft&quot;}\" data-widget_type=\"heading.default\">\n\t\t\t\t<div class=\"elementor-widget-container\">\n\t\t\t<h5 class=\"elementor-heading-title elementor-size-default\">AS \u00c1RVORES EM CRESCIMENTO CONSOMEM MUITO MAIS CO2, MAS MESMO QUANDO A MAT\u00c9RIA-PRIMA \u00c9 PROCESSADA, O DI\u00d3XIDO DE CARBONO CONTINUA A SER ARMAZENADO DURANTE O TEMPO DE VIDA DO PRODUTO.<\/h5>\t\t<\/div>\n\t\t\t\t<\/div>\n\t\t\t\t<div class=\"elementor-element elementor-element-938e162 elementor-invisible elementor-widget elementor-widget-text-editor\" data-id=\"938e162\" data-element_type=\"widget\" data-settings=\"{&quot;_animation&quot;:&quot;slideInLeft&quot;}\" data-widget_type=\"text-editor.default\">\n\t\t\t\t<div class=\"elementor-widget-container\">\n\t\t\t\t\t\t\t<p class=\"p1\"><span class=\"s1\">Quanto mais utilizarmos a mat\u00e9ria-prima da floresta, maiores ser\u00e3o os benef\u00edcios para o clima. A floresta est\u00e1 a ajudar a substituir os materiais f\u00f3sseis num n\u00famero crescente de aplica\u00e7\u00f5es, reduzindo assim o di\u00f3xido de carbono e o seu efeito nas altera\u00e7\u00f5es clim\u00e1ticas.<\/span><\/p><p class=\"p2\"><span class=\"s1\">Para garantir a rastreabilidade, somos auditados externamente com o <a href=\"https:\/\/www.pefc.org\/\"><strong>PEFC: Programme for the Endorsement of Forest Certification (PEFC\/14-38-00107)<\/strong><\/a>, que promove objectivos relacionados com a conserva\u00e7\u00e3o ambiental, a melhoria da produtividade e a promo\u00e7\u00e3o do desenvolvimento socioecon\u00f3mico em ambientes rurais.<\/span><\/p>\t\t\t\t\t\t<\/div>\n\t\t\t\t<\/div>\n\t\t\t\t<div class=\"elementor-element elementor-element-e1b3bd8 elementor-invisible elementor-widget elementor-widget-image\" data-id=\"e1b3bd8\" data-element_type=\"widget\" data-settings=\"{&quot;_animation&quot;:&quot;slideInLeft&quot;}\" data-widget_type=\"image.default\">\n\t\t\t\t<div class=\"elementor-widget-container\">\n\t\t\t\t\t\t\t\t\t\t\t\t\t<img  title=\"Divis\u00e3o Silvicultura - Onesta\" loading=\"lazy\" decoding=\"async\" width=\"1323\" height=\"876\" src=\"https:\/\/www.onesta.es\/wp-content\/uploads\/2024\/06\/pefc-label-pefc14-38-00107-14-etiqueta-web.png\" class=\"attachment-full size-full wp-image-11917\"  alt=\"Divis\u00e3o Silvicultura - Onesta\"  srcset=\"https:\/\/www.onesta.es\/wp-content\/uploads\/2024\/06\/pefc-label-pefc14-38-00107-14-etiqueta-web.png 1323w, https:\/\/www.onesta.es\/wp-content\/uploads\/2024\/06\/pefc-label-pefc14-38-00107-14-etiqueta-web-300x199.png 300w, https:\/\/www.onesta.es\/wp-content\/uploads\/2024\/06\/pefc-label-pefc14-38-00107-14-etiqueta-web-1024x678.png 1024w, https:\/\/www.onesta.es\/wp-content\/uploads\/2024\/06\/pefc-label-pefc14-38-00107-14-etiqueta-web-768x509.png 768w, https:\/\/www.onesta.es\/wp-content\/uploads\/2024\/06\/pefc-label-pefc14-38-00107-14-etiqueta-web-600x397.png 600w\" sizes=\"(max-width: 1323px) 100vw, 1323px\" \/>\t\t\t\t\t\t\t\t\t\t\t\t\t<\/div>\n\t\t\t\t<\/div>\n\t\t\t\t\t<\/div>\n\t\t<\/div>\n\t\t\t\t<div class=\"elementor-column elementor-col-66 elementor-top-column elementor-element elementor-element-8762659\" data-id=\"8762659\" data-element_type=\"column\">\n\t\t\t<div class=\"elementor-widget-wrap elementor-element-populated\">\n\t\t\t\t\t\t<div class=\"elementor-element elementor-element-bb89396 elementor--h-position-center elementor--v-position-middle elementor-arrows-position-inside elementor-invisible elementor-widget elementor-widget-slides\" data-id=\"bb89396\" data-element_type=\"widget\" data-settings=\"{&quot;navigation&quot;:&quot;arrows&quot;,&quot;autoplay_speed&quot;:9000,&quot;_animation&quot;:&quot;slideInRight&quot;,&quot;autoplay&quot;:&quot;yes&quot;,&quot;pause_on_hover&quot;:&quot;yes&quot;,&quot;pause_on_interaction&quot;:&quot;yes&quot;,&quot;transition&quot;:&quot;slide&quot;,&quot;transition_speed&quot;:500}\" data-widget_type=\"slides.default\">\n\t\t\t\t<div class=\"elementor-widget-container\">\n\t\t\t\t\t<div class=\"elementor-swiper\">\n\t\t\t<div class=\"elementor-slides-wrapper elementor-main-swiper swiper\" dir=\"ltr\" data-animation=\"fadeInUp\">\n\t\t\t\t<div class=\"swiper-wrapper elementor-slides\">\n\t\t\t\t\t\t\t\t\t\t<div class=\"elementor-repeater-item-bee329c swiper-slide\"><div class=\"swiper-slide-bg\" role=\"img\"><\/div><div class=\"swiper-slide-inner\" ><div class=\"swiper-slide-contents\"><div class=\"elementor-slide-heading\">Como funciona uma floresta sustent\u00e1vel?<\/div><div class=\"elementor-slide-description\"><p>As florestas sustent\u00e1veis s\u00e3o aquelas cuja gest\u00e3o permite o fornecimento de recursos, preservando o resto dos seus usos e servi\u00e7os. A sustentabilidade assegura a regenera\u00e7\u00e3o e \u00e9 fundamental para manter a atividade econ\u00f3mica ligada \u00e0 sua explora\u00e7\u00e3o. Gra\u00e7as a esta forma de gest\u00e3o, a multiplicidade de benef\u00edcios que as florestas trazem ao planeta ser\u00e1 assegurada no futuro. Estes s\u00e3o os principais benef\u00edcios das florestas sustent\u00e1veis:<\/p>\n<\/div><\/div><\/div><\/div><div class=\"elementor-repeater-item-5eac1ff swiper-slide\"><div class=\"swiper-slide-bg\" role=\"img\"><\/div><div class=\"swiper-slide-inner\" ><div class=\"swiper-slide-contents\"><div class=\"elementor-slide-heading\">Como funciona uma floresta sustent\u00e1vel?<\/div><div class=\"elementor-slide-description\"><ul>\n<li class=\"p3\"><span class=\"s1\">Favorecem a conserva\u00e7\u00e3o da <a style=\"color:#FFFFFF\" href=\"https:\/\/www.iberdrola.com\/sostenibilidad\/medio-ambiente\/iberdrola-biodiversidad\" target=\"_blank\" rel=\"noopener\"><span class=\"s2\">biodiversidade<\/span><\/a>, servindo de habitat a numerosas esp\u00e9cies.<\/span><\/li>\n<li class=\"p3\"><span class=\"s1\">Fornecem uma multiplicidade de recursos essenciais para as actividades di\u00e1rias dos seres humanos.<\/span><\/li>\n<li class=\"p3\"><span class=\"s1\">Ajudam a combater as <a style=\"color:#FFFFFF\" href=\"https:\/\/www.iberdrola.com\/sostenibilidad\/contra-cambio-climatico\" target=\"_blank\" rel=\"noopener\"><span class=\"s2\">altera\u00e7\u00f5es clim\u00e1ticas<\/span><\/a>, actuando como consumidor de carbono e regulando o clima.<\/span><\/li>\n<li class=\"p3\"><span class=\"s1\">Facilitam a forma\u00e7\u00e3o dos solos e evitam a sua eros\u00e3o causada por fen\u00f3menos como a <a style=\"color:#FFFFFF\" href=\"https:\/\/www.iberdrola.com\/sostenibilidad\/desertificacion\" target=\"_blank\" rel=\"noopener\"><span class=\"s2\">desertifica\u00e7\u00e3o<\/span><\/a>.<\/span><\/li>\n<\/ul>\n<\/div><\/div><\/div><\/div>\t\t\t\t<\/div>\n\t\t\t\t\t\t\t\t\t\t\t\t\t\t\t\t\t\t\t\t<div class=\"elementor-swiper-button elementor-swiper-button-prev\" role=\"button\" tabindex=\"0\">\n\t\t\t\t\t\t\t<i aria-hidden=\"true\" class=\"eicon-chevron-left\"><\/i>\t\t\t\t\t\t\t<span class=\"elementor-screen-only\">Previous slide<\/span>\n\t\t\t\t\t\t<\/div>\n\t\t\t\t\t\t<div class=\"elementor-swiper-button elementor-swiper-button-next\" role=\"button\" tabindex=\"0\">\n\t\t\t\t\t\t\t<i aria-hidden=\"true\" class=\"eicon-chevron-right\"><\/i>\t\t\t\t\t\t\t<span class=\"elementor-screen-only\">Next slide<\/span>\n\t\t\t\t\t\t<\/div>\n\t\t\t\t\t\t\t\t\t\t\t\t<\/div>\n\t\t<\/div>\n\t\t\t\t<\/div>\n\t\t\t\t<\/div>\n\t\t\t\t\t<\/div>\n\t\t<\/div>\n\t\t\t\t\t<\/div>\n\t\t<\/section>\n\t\t\t\t<section class=\"elementor-section elementor-top-section elementor-element elementor-element-a34f384 elementor-section-boxed elementor-section-height-default elementor-section-height-default\" data-id=\"a34f384\" data-element_type=\"section\">\n\t\t\t\t\t\t<div class=\"elementor-container elementor-column-gap-default\">\n\t\t\t\t\t<div class=\"elementor-column elementor-col-50 elementor-top-column elementor-element elementor-element-73ae2c1 elementor-invisible\" data-id=\"73ae2c1\" data-element_type=\"column\" data-settings=\"{&quot;animation&quot;:&quot;fadeInRight&quot;}\">\n\t\t\t<div class=\"elementor-widget-wrap elementor-element-populated\">\n\t\t\t\t\t\t<div class=\"elementor-element elementor-element-649f91b elementor-invisible elementor-widget elementor-widget-image\" data-id=\"649f91b\" data-element_type=\"widget\" data-settings=\"{&quot;_animation&quot;:&quot;slideInLeft&quot;}\" data-widget_type=\"image.default\">\n\t\t\t\t<div class=\"elementor-widget-container\">\n\t\t\t\t\t\t\t\t\t\t\t\t\t<img decoding=\"async\" src=\"https:\/\/www.onesta.es\/wp-content\/uploads\/2022\/10\/forestal-abrazo-arbol.jpg\"  title=\"Divis\u00e3o Silvicultura - Onesta\"   alt=\"Divis\u00e3o Silvicultura - Onesta\"  loading=\"lazy\" \/>\t\t\t\t\t\t\t\t\t\t\t\t\t<\/div>\n\t\t\t\t<\/div>\n\t\t\t\t\t<\/div>\n\t\t<\/div>\n\t\t\t\t<div class=\"elementor-column elementor-col-50 elementor-top-column elementor-element elementor-element-6044b20 elementor-invisible\" data-id=\"6044b20\" data-element_type=\"column\" data-settings=\"{&quot;animation&quot;:&quot;fadeInLeft&quot;}\">\n\t\t\t<div class=\"elementor-widget-wrap elementor-element-populated\">\n\t\t\t\t\t\t<div class=\"elementor-element elementor-element-e409264 elementor-invisible elementor-widget elementor-widget-heading\" data-id=\"e409264\" data-element_type=\"widget\" data-settings=\"{&quot;_animation&quot;:&quot;slideInRight&quot;}\" data-widget_type=\"heading.default\">\n\t\t\t\t<div class=\"elementor-widget-container\">\n\t\t\t<h2 class=\"elementor-heading-title elementor-size-default\">ONESTA, FLORESTA E ECOLOGIA DNA<\/h2>\t\t<\/div>\n\t\t\t\t<\/div>\n\t\t\t\t<div class=\"elementor-element elementor-element-9c09de3 elementor-invisible elementor-widget elementor-widget-text-editor\" data-id=\"9c09de3\" data-element_type=\"widget\" data-settings=\"{&quot;_animation&quot;:&quot;slideInRight&quot;}\" data-widget_type=\"text-editor.default\">\n\t\t\t\t<div class=\"elementor-widget-container\">\n\t\t\t\t\t\t\t<p class=\"p1\"><span class=\"s1\">Ter a nossa pr\u00f3pria massa florestal faz parte do nosso ADN, pois s\u00f3 assim podemos refor\u00e7ar o nosso compromisso com o ambiente:<\/span><\/p>\n\t\t\t\t\t\t<\/div>\n\t\t\t\t<\/div>\n\t\t\t\t<div class=\"elementor-element elementor-element-1bc4d20 elementor-position-left elementor-view-default elementor-mobile-position-top elementor-vertical-align-top elementor-invisible elementor-widget elementor-widget-icon-box\" data-id=\"1bc4d20\" data-element_type=\"widget\" data-settings=\"{&quot;_animation&quot;:&quot;slideInRight&quot;}\" data-widget_type=\"icon-box.default\">\n\t\t\t\t<div class=\"elementor-widget-container\">\n\t\t\t\t\t<div class=\"elementor-icon-box-wrapper\">\n\n\t\t\t\t\t\t<div class=\"elementor-icon-box-icon\">\n\t\t\t\t<span  class=\"elementor-icon elementor-animation-\">\n\t\t\t\t<i aria-hidden=\"true\" class=\"fas fa-angle-right\"><\/i>\t\t\t\t<\/span>\n\t\t\t<\/div>\n\t\t\t\n\t\t\t\t\t\t<div class=\"elementor-icon-box-content\">\n\n\t\t\t\t\n\t\t\t\t\t\t\t\t\t<p class=\"elementor-icon-box-description\">\n\t\t\t\t\t\tUtilizamos madeira local, com certifica\u00e7\u00e3o ambiental que garante a rastreabilidade e sustentabilidade das florestas em zonas despovoadas.\t\t\t\t\t<\/p>\n\t\t\t\t\n\t\t\t<\/div>\n\t\t\t\n\t\t<\/div>\n\t\t\t\t<\/div>\n\t\t\t\t<\/div>\n\t\t\t\t<div class=\"elementor-element elementor-element-c33c1dd elementor-position-left elementor-view-default elementor-mobile-position-top elementor-vertical-align-top elementor-invisible elementor-widget elementor-widget-icon-box\" data-id=\"c33c1dd\" data-element_type=\"widget\" data-settings=\"{&quot;_animation&quot;:&quot;slideInRight&quot;}\" data-widget_type=\"icon-box.default\">\n\t\t\t\t<div class=\"elementor-widget-container\">\n\t\t\t\t\t<div class=\"elementor-icon-box-wrapper\">\n\n\t\t\t\t\t\t<div class=\"elementor-icon-box-icon\">\n\t\t\t\t<span  class=\"elementor-icon elementor-animation-\">\n\t\t\t\t<i aria-hidden=\"true\" class=\"fas fa-angle-right\"><\/i>\t\t\t\t<\/span>\n\t\t\t<\/div>\n\t\t\t\n\t\t\t\t\t\t<div class=\"elementor-icon-box-content\">\n\n\t\t\t\t\n\t\t\t\t\t\t\t\t\t<p class=\"elementor-icon-box-description\">\n\t\t\t\t\t\tGarantimos emprego de qualidade em zonas rurais e despovoadas, dignificando o trabalho florestal.\t\t\t\t\t<\/p>\n\t\t\t\t\n\t\t\t<\/div>\n\t\t\t\n\t\t<\/div>\n\t\t\t\t<\/div>\n\t\t\t\t<\/div>\n\t\t\t\t<div class=\"elementor-element elementor-element-bc1d7ea elementor-position-left elementor-view-default elementor-mobile-position-top elementor-vertical-align-top elementor-invisible elementor-widget elementor-widget-icon-box\" data-id=\"bc1d7ea\" data-element_type=\"widget\" data-settings=\"{&quot;_animation&quot;:&quot;slideInRight&quot;}\" data-widget_type=\"icon-box.default\">\n\t\t\t\t<div class=\"elementor-widget-container\">\n\t\t\t\t\t<div class=\"elementor-icon-box-wrapper\">\n\n\t\t\t\t\t\t<div class=\"elementor-icon-box-icon\">\n\t\t\t\t<span  class=\"elementor-icon elementor-animation-\">\n\t\t\t\t<i aria-hidden=\"true\" class=\"fas fa-angle-right\"><\/i>\t\t\t\t<\/span>\n\t\t\t<\/div>\n\t\t\t\n\t\t\t\t\t\t<div class=\"elementor-icon-box-content\">\n\n\t\t\t\t\n\t\t\t\t\t\t\t\t\t<p class=\"elementor-icon-box-description\">\n\t\t\t\t\t\tInvestigamos novas esp\u00e9cies que resistam e ajudem a combater as altera\u00e7\u00f5es clim\u00e1ticas.\t\t\t\t\t<\/p>\n\t\t\t\t\n\t\t\t<\/div>\n\t\t\t\n\t\t<\/div>\n\t\t\t\t<\/div>\n\t\t\t\t<\/div>\n\t\t\t\t\t<\/div>\n\t\t<\/div>\n\t\t\t\t\t<\/div>\n\t\t<\/section>\n\t\t\t\t<section class=\"elementor-section elementor-top-section elementor-element elementor-element-c30bb26 elementor-section-boxed elementor-section-height-default elementor-section-height-default\" data-id=\"c30bb26\" data-element_type=\"section\">\n\t\t\t\t\t\t<div class=\"elementor-container elementor-column-gap-default\">\n\t\t\t\t\t<div class=\"elementor-column elementor-col-50 elementor-top-column elementor-element elementor-element-3146425 elementor-invisible\" data-id=\"3146425\" data-element_type=\"column\" data-settings=\"{&quot;animation&quot;:&quot;fadeInLeft&quot;}\">\n\t\t\t<div class=\"elementor-widget-wrap elementor-element-populated\">\n\t\t\t\t\t\t<div class=\"elementor-element elementor-element-b75ca88 elementor-widget elementor-widget-image\" data-id=\"b75ca88\" data-element_type=\"widget\" data-widget_type=\"image.default\">\n\t\t\t\t<div class=\"elementor-widget-container\">\n\t\t\t\t\t\t\t\t\t\t\t\t\t<img  title=\"Divis\u00e3o Silvicultura - Onesta\" loading=\"lazy\" decoding=\"async\" width=\"694\" height=\"697\" src=\"https:\/\/www.onesta.es\/wp-content\/uploads\/2022\/09\/forestal_05.jpg\" class=\"attachment-full size-full wp-image-9360\"  alt=\"Divis\u00e3o Silvicultura - Onesta\"  srcset=\"https:\/\/www.onesta.es\/wp-content\/uploads\/2022\/09\/forestal_05.jpg 694w, https:\/\/www.onesta.es\/wp-content\/uploads\/2022\/09\/forestal_05-300x300.jpg 300w, https:\/\/www.onesta.es\/wp-content\/uploads\/2022\/09\/forestal_05-100x100.jpg 100w, https:\/\/www.onesta.es\/wp-content\/uploads\/2022\/09\/forestal_05-600x603.jpg 600w, https:\/\/www.onesta.es\/wp-content\/uploads\/2022\/09\/forestal_05-150x150.jpg 150w\" sizes=\"(max-width: 694px) 100vw, 694px\" \/>\t\t\t\t\t\t\t\t\t\t\t\t\t<\/div>\n\t\t\t\t<\/div>\n\t\t\t\t\t<\/div>\n\t\t<\/div>\n\t\t\t\t<div class=\"elementor-column elementor-col-50 elementor-top-column elementor-element elementor-element-5ce9cbb elementor-invisible\" data-id=\"5ce9cbb\" data-element_type=\"column\" data-settings=\"{&quot;animation&quot;:&quot;fadeInRight&quot;}\">\n\t\t\t<div class=\"elementor-widget-wrap elementor-element-populated\">\n\t\t\t\t\t\t<div class=\"elementor-element elementor-element-8a5410c elementor-widget elementor-widget-heading\" data-id=\"8a5410c\" data-element_type=\"widget\" data-widget_type=\"heading.default\">\n\t\t\t\t<div class=\"elementor-widget-container\">\n\t\t\t<h2 class=\"elementor-heading-title elementor-size-default\">O FACTOR HUMANO, CHAVE PARA A SA\u00daDE OCUPACIONAL E FLORESTAL<\/h2>\t\t<\/div>\n\t\t\t\t<\/div>\n\t\t\t\t<div class=\"elementor-element elementor-element-ae3c54f elementor-widget elementor-widget-text-editor\" data-id=\"ae3c54f\" data-element_type=\"widget\" data-widget_type=\"text-editor.default\">\n\t\t\t\t<div class=\"elementor-widget-container\">\n\t\t\t\t\t\t\t<p class=\"p1\"><span class=\"s1\">Diariamente, preocupamo-nos com o ambiente, mas tamb\u00e9m com a sa\u00fade e a seguran\u00e7a no trabalho dos nossos colaboradores e dos que prestam servi\u00e7os atrav\u00e9s de empresas contratadas. E, claro, para oferecer produtos de alta qualidade.<\/span><\/p>\n<p class=\"p1\"><span class=\"s1\">No caso dos nossos colaboradores, proporcionamos as condi\u00e7\u00f5es necess\u00e1rias para atrair e desenvolver pessoas de excel\u00eancia, que contribuam para a concretiza\u00e7\u00e3o dos nossos objectivos empresariais. Fazemo-lo promovendo ambientes de trabalho baseados no respeito, na colabora\u00e7\u00e3o m\u00fatua e na comunica\u00e7\u00e3o permanente. Incentivamos a igualdade de oportunidades nas equipas de trabalho e rejeitamos qualquer tipo de discrimina\u00e7\u00e3o, seja racial, pol\u00edtica, de g\u00e9nero, de orienta\u00e7\u00e3o sexual ou de cren\u00e7a religiosa.<\/span><\/p>\n\t\t\t\t\t\t<\/div>\n\t\t\t\t<\/div>\n\t\t\t\t\t<\/div>\n\t\t<\/div>\n\t\t\t\t\t<\/div>\n\t\t<\/section>\n\t\t\t\t<section class=\"elementor-section elementor-top-section elementor-element elementor-element-42275d2 elementor-section-boxed elementor-section-height-default elementor-section-height-default\" data-id=\"42275d2\" data-element_type=\"section\">\n\t\t\t\t\t\t<div class=\"elementor-container elementor-column-gap-default\">\n\t\t\t\t\t<div class=\"elementor-column elementor-col-50 elementor-top-column elementor-element elementor-element-c745878 elementor-invisible\" data-id=\"c745878\" data-element_type=\"column\" data-settings=\"{&quot;animation&quot;:&quot;fadeInLeft&quot;}\">\n\t\t\t<div class=\"elementor-widget-wrap elementor-element-populated\">\n\t\t\t\t\t\t<div class=\"elementor-element elementor-element-a3d8c17 elementor-widget elementor-widget-image\" data-id=\"a3d8c17\" data-element_type=\"widget\" data-widget_type=\"image.default\">\n\t\t\t\t<div class=\"elementor-widget-container\">\n\t\t\t\t\t\t\t\t\t\t\t\t\t<img  title=\"Divis\u00e3o Silvicultura - Onesta\" loading=\"lazy\" decoding=\"async\" width=\"694\" height=\"697\" src=\"https:\/\/www.onesta.es\/wp-content\/uploads\/2022\/10\/forestal-futuro-verde.jpg\" class=\"attachment-full size-full wp-image-9383\"  alt=\"Divis\u00e3o Silvicultura - Onesta\"  srcset=\"https:\/\/www.onesta.es\/wp-content\/uploads\/2022\/10\/forestal-futuro-verde.jpg 694w, https:\/\/www.onesta.es\/wp-content\/uploads\/2022\/10\/forestal-futuro-verde-300x300.jpg 300w, https:\/\/www.onesta.es\/wp-content\/uploads\/2022\/10\/forestal-futuro-verde-100x100.jpg 100w, https:\/\/www.onesta.es\/wp-content\/uploads\/2022\/10\/forestal-futuro-verde-600x603.jpg 600w, https:\/\/www.onesta.es\/wp-content\/uploads\/2022\/10\/forestal-futuro-verde-150x150.jpg 150w\" sizes=\"(max-width: 694px) 100vw, 694px\" \/>\t\t\t\t\t\t\t\t\t\t\t\t\t<\/div>\n\t\t\t\t<\/div>\n\t\t\t\t\t<\/div>\n\t\t<\/div>\n\t\t\t\t<div class=\"elementor-column elementor-col-50 elementor-top-column elementor-element elementor-element-5257660 elementor-invisible\" data-id=\"5257660\" data-element_type=\"column\" data-settings=\"{&quot;animation&quot;:&quot;fadeInRight&quot;}\">\n\t\t\t<div class=\"elementor-widget-wrap elementor-element-populated\">\n\t\t\t\t\t\t<div class=\"elementor-element elementor-element-bfde119 elementor-widget elementor-widget-heading\" data-id=\"bfde119\" data-element_type=\"widget\" data-widget_type=\"heading.default\">\n\t\t\t\t<div class=\"elementor-widget-container\">\n\t\t\t<h2 class=\"elementor-heading-title elementor-size-default\">O NOSSO FUTURO \u00c9 VERDE, COMO O FUTURO DA FLORESTA<\/h2>\t\t<\/div>\n\t\t\t\t<\/div>\n\t\t\t\t<div class=\"elementor-element elementor-element-337f235 elementor-widget elementor-widget-text-editor\" data-id=\"337f235\" data-element_type=\"widget\" data-widget_type=\"text-editor.default\">\n\t\t\t\t<div class=\"elementor-widget-container\">\n\t\t\t\t\t\t\t<p class=\"p1\"><span class=\"s1\">Para n\u00f3s, o desafio sustent\u00e1vel significa assumir a responsabilidade desde a semente at\u00e9 ao cliente. Adoptamos uma vis\u00e3o hol\u00edstica dos nossos servi\u00e7os de consultoria florestal, processos industriais e rela\u00e7\u00f5es com clientes e fornecedores.<\/span><\/p>\n<p class=\"p1\"><span class=\"s1\">Iremos gerir as nossas opera\u00e7\u00f5es florestais com base nos nossos pr\u00f3prios povoamentos florestais e na gest\u00e3o dos direitos de emiss\u00e3o de CO2.<\/span><\/p>\n<p class=\"p1\"><span class=\"s1\"><b>Procuramos maximizar o valor das florestas,<\/b> atrav\u00e9s de uma produ\u00e7\u00e3o florestal de excel\u00eancia que satisfa\u00e7a o abastecimento industrial das empresas e proporcione vendas a terceiros com os mais elevados padr\u00f5es de qualidade, trabalhando com uma vis\u00e3o de longo prazo que contribua para o ambiente e o bem-estar social.<\/span><\/p>\n\t\t\t\t\t\t<\/div>\n\t\t\t\t<\/div>\n\t\t\t\t\t<\/div>\n\t\t<\/div>\n\t\t\t\t\t<\/div>\n\t\t<\/section>\n\t\t\t\t<section class=\"elementor-section elementor-top-section elementor-element elementor-element-a814e49 elementor-section-boxed elementor-section-height-default elementor-section-height-default\" data-id=\"a814e49\" data-element_type=\"section\">\n\t\t\t\t\t\t<div class=\"elementor-container elementor-column-gap-default\">\n\t\t\t\t\t<div class=\"elementor-column elementor-col-100 elementor-top-column elementor-element elementor-element-27dc49b\" data-id=\"27dc49b\" data-element_type=\"column\">\n\t\t\t<div class=\"elementor-widget-wrap elementor-element-populated\">\n\t\t\t\t\t\t<div class=\"elementor-element elementor-element-659163d elementor-widget-divider--view-line elementor-widget elementor-widget-divider\" data-id=\"659163d\" data-element_type=\"widget\" data-widget_type=\"divider.default\">\n\t\t\t\t<div class=\"elementor-widget-container\">\n\t\t\t\t\t<div class=\"elementor-divider\">\n\t\t\t<span class=\"elementor-divider-separator\">\n\t\t\t\t\t\t<\/span>\n\t\t<\/div>\n\t\t\t\t<\/div>\n\t\t\t\t<\/div>\n\t\t\t\t<div class=\"elementor-element elementor-element-7822ba7 elementor-widget elementor-widget-heading\" data-id=\"7822ba7\" data-element_type=\"widget\" data-widget_type=\"heading.default\">\n\t\t\t\t<div class=\"elementor-widget-container\">\n\t\t\t<p class=\"elementor-heading-title elementor-size-default\">DESCUBRA AS NOSSAS DIVIS\u00d5ES DE NEG\u00d3CIO<\/p>\t\t<\/div>\n\t\t\t\t<\/div>\n\t\t\t\t\t<\/div>\n\t\t<\/div>\n\t\t\t\t\t<\/div>\n\t\t<\/section>\n\t\t\t\t<section class=\"elementor-section elementor-top-section elementor-element elementor-element-793fba2 elementor-section-boxed elementor-section-height-default elementor-section-height-default\" data-id=\"793fba2\" data-element_type=\"section\">\n\t\t\t\t\t\t<div class=\"elementor-container elementor-column-gap-default\">\n\t\t\t\t\t<div class=\"elementor-column elementor-col-33 elementor-top-column elementor-element elementor-element-4dccc07\" data-id=\"4dccc07\" data-element_type=\"column\">\n\t\t\t<div class=\"elementor-widget-wrap elementor-element-populated\">\n\t\t\t\t\t\t<div class=\"elementor-element elementor-element-91f4db4 elementor-widget elementor-widget-heading\" data-id=\"91f4db4\" data-element_type=\"widget\" data-widget_type=\"heading.default\">\n\t\t\t\t<div class=\"elementor-widget-container\">\n\t\t\t<h3 class=\"elementor-heading-title elementor-size-default\">SOLU\u00c7\u00d5ES EM MADEIRA PARA OS SEUS PROJECTOS<\/h3>\t\t<\/div>\n\t\t\t\t<\/div>\n\t\t\t\t<div class=\"elementor-element elementor-element-026bb9b elementor-widget elementor-widget-text-editor\" data-id=\"026bb9b\" data-element_type=\"widget\" data-widget_type=\"text-editor.default\">\n\t\t\t\t<div class=\"elementor-widget-container\">\n\t\t\t\t\t\t\t<p>Colaboramos com promotores, arquitectos e outros agentes do sector para lhes oferecer as melhores solu\u00e7\u00f5es em madeira para os seus projetos.<\/p>\n\t\t\t\t\t\t<\/div>\n\t\t\t\t<\/div>\n\t\t\t\t<div class=\"elementor-element elementor-element-4059a5a elementor-widget elementor-widget-heading\" data-id=\"4059a5a\" data-element_type=\"widget\" data-widget_type=\"heading.default\">\n\t\t\t\t<div class=\"elementor-widget-container\">\n\t\t\t<p class=\"elementor-heading-title elementor-size-default\"><a href=\"https:\/\/www.onesta.es\/pt-pt\/divisao-de-projetos\/\" target=\"_blank\">DIVIS\u00c3O PROJECTOS &gt;<\/a><\/p>\t\t<\/div>\n\t\t\t\t<\/div>\n\t\t\t\t\t<\/div>\n\t\t<\/div>\n\t\t\t\t<div class=\"elementor-column elementor-col-33 elementor-top-column elementor-element elementor-element-c2150f0\" data-id=\"c2150f0\" data-element_type=\"column\">\n\t\t\t<div class=\"elementor-widget-wrap elementor-element-populated\">\n\t\t\t\t\t\t<div class=\"elementor-element elementor-element-ca8eda9 elementor-widget elementor-widget-heading\" data-id=\"ca8eda9\" data-element_type=\"widget\" data-widget_type=\"heading.default\">\n\t\t\t\t<div class=\"elementor-widget-container\">\n\t\t\t<h3 class=\"elementor-heading-title elementor-size-default\">DESENVOLVEMOS SOLU\u00c7\u00d5ES TECNOL\u00d3GICAS<\/h3>\t\t<\/div>\n\t\t\t\t<\/div>\n\t\t\t\t<div class=\"elementor-element elementor-element-1f86322 elementor-widget elementor-widget-text-editor\" data-id=\"1f86322\" data-element_type=\"widget\" data-widget_type=\"text-editor.default\">\n\t\t\t\t<div class=\"elementor-widget-container\">\n\t\t\t\t\t\t\t<p><span class=\"s1\">Implementamos solu\u00e7\u00f5es de gest\u00e3o empresarial adaptadas ao ambiente das pequenas e m\u00e9dias empresas.<\/span><\/p>\n\t\t\t\t\t\t<\/div>\n\t\t\t\t<\/div>\n\t\t\t\t<div class=\"elementor-element elementor-element-1a04d99 elementor-widget elementor-widget-heading\" data-id=\"1a04d99\" data-element_type=\"widget\" data-widget_type=\"heading.default\">\n\t\t\t\t<div class=\"elementor-widget-container\">\n\t\t\t<p class=\"elementor-heading-title elementor-size-default\"><a href=\"https:\/\/www.onesta.es\/pt-pt\/divisao-de-tecnologia\/\">DIVIS\u00c3O TECNOLOGIA &gt;<\/a><\/p>\t\t<\/div>\n\t\t\t\t<\/div>\n\t\t\t\t\t<\/div>\n\t\t<\/div>\n\t\t\t\t<div class=\"elementor-column elementor-col-33 elementor-top-column elementor-element elementor-element-ec0917d\" data-id=\"ec0917d\" data-element_type=\"column\">\n\t\t\t<div class=\"elementor-widget-wrap elementor-element-populated\">\n\t\t\t\t\t\t<div class=\"elementor-element elementor-element-aac2aeb elementor-widget elementor-widget-heading\" data-id=\"aac2aeb\" data-element_type=\"widget\" data-widget_type=\"heading.default\">\n\t\t\t\t<div class=\"elementor-widget-container\">\n\t\t\t<h3 class=\"elementor-heading-title elementor-size-default\">UMA GRANDE REDE DE CENTROS DISTRIBU\u00cdDOS POR TODO O PA\u00cdS<\/h3>\t\t<\/div>\n\t\t\t\t<\/div>\n\t\t\t\t<div class=\"elementor-element elementor-element-b7e263e elementor-widget elementor-widget-text-editor\" data-id=\"b7e263e\" data-element_type=\"widget\" data-widget_type=\"text-editor.default\">\n\t\t\t\t<div class=\"elementor-widget-container\">\n\t\t\t\t\t\t\t<p>Controlamos e garantimos a cadeia de fornecimentos, reduzimos os tempos de entrega e otimizamos os trajetos.<\/p>\n\t\t\t\t\t\t<\/div>\n\t\t\t\t<\/div>\n\t\t\t\t<div class=\"elementor-element elementor-element-1dcd540 elementor-widget elementor-widget-heading\" data-id=\"1dcd540\" data-element_type=\"widget\" data-widget_type=\"heading.default\">\n\t\t\t\t<div class=\"elementor-widget-container\">\n\t\t\t<p class=\"elementor-heading-title elementor-size-default\"><a href=\"https:\/\/www.onesta.es\/pt-pt\/divisao-de-logistica\/\">DIVIS\u00c3O LOG\u00cdSTICA &gt;<\/a><\/p>\t\t<\/div>\n\t\t\t\t<\/div>\n\t\t\t\t\t<\/div>\n\t\t<\/div>\n\t\t\t\t\t<\/div>\n\t\t<\/section>\n\t\t\t\t<section class=\"elementor-section elementor-top-section elementor-element elementor-element-5693254 elementor-section-boxed elementor-section-height-default elementor-section-height-default\" data-id=\"5693254\" data-element_type=\"section\">\n\t\t\t\t\t\t<div class=\"elementor-container elementor-column-gap-default\">\n\t\t\t\t\t<div class=\"elementor-column elementor-col-100 elementor-top-column elementor-element elementor-element-1704515\" data-id=\"1704515\" data-element_type=\"column\">\n\t\t\t<div class=\"elementor-widget-wrap elementor-element-populated\">\n\t\t\t\t\t\t<div class=\"elementor-element elementor-element-2d9e48d elementor-widget-divider--view-line elementor-widget elementor-widget-divider\" data-id=\"2d9e48d\" data-element_type=\"widget\" data-widget_type=\"divider.default\">\n\t\t\t\t<div class=\"elementor-widget-container\">\n\t\t\t\t\t<div class=\"elementor-divider\">\n\t\t\t<span class=\"elementor-divider-separator\">\n\t\t\t\t\t\t<\/span>\n\t\t<\/div>\n\t\t\t\t<\/div>\n\t\t\t\t<\/div>\n\t\t\t\t\t<\/div>\n\t\t<\/div>\n\t\t\t\t\t<\/div>\n\t\t<\/section>\n\t\t\t\t<section class=\"elementor-section elementor-top-section elementor-element elementor-element-a62a4af elementor-section-boxed elementor-section-height-default elementor-section-height-default\" data-id=\"a62a4af\" data-element_type=\"section\">\n\t\t\t\t\t\t<div class=\"elementor-container elementor-column-gap-default\">\n\t\t\t\t\t<div class=\"elementor-column elementor-col-33 elementor-top-column elementor-element elementor-element-8d71325\" data-id=\"8d71325\" data-element_type=\"column\">\n\t\t\t<div class=\"elementor-widget-wrap elementor-element-populated\">\n\t\t\t\t\t\t<div class=\"elementor-element elementor-element-771c26b elementor-widget elementor-widget-image\" data-id=\"771c26b\" data-element_type=\"widget\" data-widget_type=\"image.default\">\n\t\t\t\t<div class=\"elementor-widget-container\">\n\t\t\t\t\t\t\t\t\t\t\t\t\t<img  title=\"Divis\u00e3o Silvicultura - Onesta\" loading=\"lazy\" decoding=\"async\" width=\"176\" height=\"148\" src=\"https:\/\/www.onesta.es\/wp-content\/uploads\/2023\/01\/imagen-UE.jpg\" class=\"attachment-full size-full wp-image-9457\"  alt=\"Divis\u00e3o Silvicultura - Onesta\"  \/>\t\t\t\t\t\t\t\t\t\t\t\t\t<\/div>\n\t\t\t\t<\/div>\n\t\t\t\t\t<\/div>\n\t\t<\/div>\n\t\t\t\t<div class=\"elementor-column elementor-col-33 elementor-top-column elementor-element elementor-element-a94a92a\" data-id=\"a94a92a\" data-element_type=\"column\">\n\t\t\t<div class=\"elementor-widget-wrap elementor-element-populated\">\n\t\t\t\t\t\t<div class=\"elementor-element elementor-element-fd8bbe4 elementor-widget elementor-widget-text-editor\" data-id=\"fd8bbe4\" data-element_type=\"widget\" data-widget_type=\"text-editor.default\">\n\t\t\t\t<div class=\"elementor-widget-container\">\n\t\t\t\t\t\t\t<p>AE Forestal Burgos 2020 S.L. Tem sido benefici\u00e1ria do Fundo Europeu de Desenvolvimento Regional cujo objetivo \u00e9 melhorar a utiliza\u00e7\u00e3o e a qualidade das tecnologias de informa\u00e7\u00e3o e comunica\u00e7\u00e3o e o acesso \u00e0s mesmas e gra\u00e7as ao qual tem conseguido realizar a Atualiza\u00e7\u00e3o da Plataforma Windows 2022. Esta a\u00e7\u00e3o ocorreu durante 2023. Para isso contou com o apoio do programa TICC\u00e1maras da C\u00e2mara de C\u00f3rdoba.<\/p>\n\t\t\t\t\t\t<\/div>\n\t\t\t\t<\/div>\n\t\t\t\t<div class=\"elementor-element elementor-element-359700c elementor-widget elementor-widget-heading\" data-id=\"359700c\" data-element_type=\"widget\" data-widget_type=\"heading.default\">\n\t\t\t\t<div class=\"elementor-widget-container\">\n\t\t\t<p class=\"elementor-heading-title elementor-size-default\">Uma forma de fazer Europa<\/p>\t\t<\/div>\n\t\t\t\t<\/div>\n\t\t\t\t\t<\/div>\n\t\t<\/div>\n\t\t\t\t<div class=\"elementor-column elementor-col-33 elementor-top-column elementor-element elementor-element-7cb383e\" data-id=\"7cb383e\" data-element_type=\"column\">\n\t\t\t<div class=\"elementor-widget-wrap elementor-element-populated\">\n\t\t\t\t\t\t<div class=\"elementor-element elementor-element-6d0f3dd elementor-widget elementor-widget-image\" data-id=\"6d0f3dd\" data-element_type=\"widget\" data-widget_type=\"image.default\">\n\t\t\t\t<div class=\"elementor-widget-container\">\n\t\t\t\t\t\t\t\t\t\t\t\t\t<img  title=\"Divis\u00e3o Silvicultura - Onesta\" loading=\"lazy\" decoding=\"async\" width=\"567\" height=\"132\" src=\"https:\/\/www.onesta.es\/wp-content\/uploads\/2023\/08\/logo-ticcamaras.jpg\" class=\"attachment-full size-full wp-image-9868\"  alt=\"Divis\u00e3o Silvicultura - Onesta\"  srcset=\"https:\/\/www.onesta.es\/wp-content\/uploads\/2023\/08\/logo-ticcamaras.jpg 567w, https:\/\/www.onesta.es\/wp-content\/uploads\/2023\/08\/logo-ticcamaras-300x70.jpg 300w\" sizes=\"(max-width: 567px) 100vw, 567px\" \/>\t\t\t\t\t\t\t\t\t\t\t\t\t<\/div>\n\t\t\t\t<\/div>\n\t\t\t\t\t<\/div>\n\t\t<\/div>\n\t\t\t\t\t<\/div>\n\t\t<\/section>\n\t\t\t\t<\/div>\n\t\t","protected":false},"excerpt":{"rendered":"<p>Silvicultura GARANTIMOS A ORIGEM SUSTENT\u00c1VEL DA A gest\u00e3o sustent\u00e1vel dos recursos \u00e9 essencial para neutralizar o impacto das altera\u00e7\u00f5es clim\u00e1ticas, nomeadamente nos meios naturais e nas florestas, cujo estado de sa\u00fade \u00e9 preocupante tendo em conta o avan\u00e7o da desfloresta\u00e7\u00e3o. \u00c9 raro que um distribuidor como a Onesta entre na atividade de primeira transforma\u00e7\u00e3o. A [&hellip;]<\/p>\n","protected":false},"author":1,"featured_media":0,"parent":0,"menu_order":0,"comment_status":"closed","ping_status":"closed","template":"","meta":{"_acf_changed":false,"pgc_meta":"","_seopress_robots_primary_cat":"","_seopress_titles_title":"","_seopress_titles_desc":"","_seopress_robots_index":"","site-sidebar-layout":"no-sidebar","site-content-layout":"page-builder","ast-site-content-layout":"","site-content-style":"default","site-sidebar-style":"default","ast-global-header-display":"","ast-banner-title-visibility":"","ast-main-header-display":"","ast-hfb-above-header-display":"","ast-hfb-below-header-display":"","ast-hfb-mobile-header-display":"","site-post-title":"disabled","ast-breadcrumbs-content":"","ast-featured-img":"disabled","footer-sml-layout":"","theme-transparent-header-meta":"","adv-header-id-meta":"","stick-header-meta":"","header-above-stick-meta":"","header-main-stick-meta":"","header-below-stick-meta":"","astra-migrate-meta-layouts":"default","ast-page-background-enabled":"default","ast-page-background-meta":{"desktop":{"background-color":"var(--ast-global-color-4)","background-image":"","background-repeat":"repeat","background-position":"center center","background-size":"auto","background-attachment":"scroll","background-type":"","background-media":"","overlay-type":"","overlay-color":"","overlay-opacity":"","overlay-gradient":""},"tablet":{"background-color":"","background-image":"","background-repeat":"repeat","background-position":"center center","background-size":"auto","background-attachment":"scroll","background-type":"","background-media":"","overlay-type":"","overlay-color":"","overlay-opacity":"","overlay-gradient":""},"mobile":{"background-color":"","background-image":"","background-repeat":"repeat","background-position":"center center","background-size":"auto","background-attachment":"scroll","background-type":"","background-media":"","overlay-type":"","overlay-color":"","overlay-opacity":"","overlay-gradient":""}},"ast-content-background-meta":{"desktop":{"background-color":"var(--ast-global-color-5)","background-image":"","background-repeat":"repeat","background-position":"center center","background-size":"auto","background-attachment":"scroll","background-type":"","background-media":"","overlay-type":"","overlay-color":"","overlay-opacity":"","overlay-gradient":""},"tablet":{"background-color":"var(--ast-global-color-5)","background-image":"","background-repeat":"repeat","background-position":"center center","background-size":"auto","background-attachment":"scroll","background-type":"","background-media":"","overlay-type":"","overlay-color":"","overlay-opacity":"","overlay-gradient":""},"mobile":{"background-color":"var(--ast-global-color-5)","background-image":"","background-repeat":"repeat","background-position":"center center","background-size":"auto","background-attachment":"scroll","background-type":"","background-media":"","overlay-type":"","overlay-color":"","overlay-opacity":"","overlay-gradient":""}},"_joinchat":[],"footnotes":""},"class_list":["post-9878","page","type-page","status-publish","hentry"],"acf":[],"pgc_meta":"","_links":{"self":[{"href":"https:\/\/www.onesta.es\/pt-pt\/wp-json\/wp\/v2\/pages\/9878","targetHints":{"allow":["GET"]}}],"collection":[{"href":"https:\/\/www.onesta.es\/pt-pt\/wp-json\/wp\/v2\/pages"}],"about":[{"href":"https:\/\/www.onesta.es\/pt-pt\/wp-json\/wp\/v2\/types\/page"}],"author":[{"embeddable":true,"href":"https:\/\/www.onesta.es\/pt-pt\/wp-json\/wp\/v2\/users\/1"}],"replies":[{"embeddable":true,"href":"https:\/\/www.onesta.es\/pt-pt\/wp-json\/wp\/v2\/comments?post=9878"}],"version-history":[{"count":0,"href":"https:\/\/www.onesta.es\/pt-pt\/wp-json\/wp\/v2\/pages\/9878\/revisions"}],"wp:attachment":[{"href":"https:\/\/www.onesta.es\/pt-pt\/wp-json\/wp\/v2\/media?parent=9878"}],"curies":[{"name":"wp","href":"https:\/\/api.w.org\/{rel}","templated":true}]}}